{"id":574,"date":"2021-08-26T19:33:11","date_gmt":"2021-08-26T17:33:11","guid":{"rendered":"https:\/\/ot31.pzk.org.pl\/?page_id=574"},"modified":"2021-08-30T19:04:29","modified_gmt":"2021-08-30T17:04:29","slug":"szwajcarski-zlot-krotkofalowcow","status":"publish","type":"page","link":"https:\/\/ot31.pzk.org.pl\/index.php\/szwajcarski-zlot-krotkofalowcow\/","title":{"rendered":"Szwajcarski zlot kr\u00f3tkofalowc\u00f3w"},"content":{"rendered":"<p><img loading=\"lazy\" decoding=\"async\" src=\"https:\/\/ot31.pzk.org.pl\/wp-content\/uploads\/2021\/08\/EGA_HCZ-300x199.jpg\" alt=\"\" class=\"alignnone size-medium wp-image-585\" width=\"300\" height=\"199\" srcset=\"https:\/\/ot31.pzk.org.pl\/wp-content\/uploads\/2021\/08\/EGA_HCZ-300x199.jpg 300w, https:\/\/ot31.pzk.org.pl\/wp-content\/uploads\/2021\/08\/EGA_HCZ-768x508.jpg 768w, https:\/\/ot31.pzk.org.pl\/wp-content\/uploads\/2021\/08\/EGA_HCZ-360x240.jpg 360w, https:\/\/ot31.pzk.org.pl\/wp-content\/uploads\/2021\/08\/EGA_HCZ.jpg 819w\" sizes=\"auto, (max-width: 300px) 100vw, 300px\" \/><\/p>\n<p>Szwajcaria to kraj 26 kanton\u00f3w, ale na tyle ma\u0142y, \u017ce w kr\u00f3tkofalarskiej\u00a0 rodzinie niemal wszyscy si\u0119 znaj\u0105. A skoro si\u0119 znaj\u0105 to mi\u0142o jest si\u0119 spotka\u0107 od czasu do czasu. Tak wi\u0119c raz w roku kto \u017cyw zmierza w jedno wybrane miejsce celem spotkania innych sympatyk\u00f3w naszego hobby.<\/p>\n<p>W tym roku spotkali\u015bmy si\u0119 w <strong>Moriken<\/strong> w ciep\u0142\u0105 i s\u0142oneczn\u0105 sobot\u0119 21 sierpnia.<\/p>\n<p>Wybrali\u015bmy si\u0119 tam razem z <em><strong><span style=\"color: #0000ff;\">Marcinem HB9EGA<\/span><\/strong><\/em>.<\/p>\n<p>&nbsp;<\/p>\n<p>Na zewn\u0105trz sta\u0142 niewielki wojskowy samoch\u00f3d z lasem anten na dachu \u2013 ju\u017c chyba zabytkowy mimo niemal kilkudziesi\u0119ciu lat na karku . Pr\u00f3\u017cno szuka\u0107 rdzy czy \u015blad\u00f3w zu\u017cycia na karoserii &#8211; ale tak to jest jak si\u0119 ca\u0142e \u017cycie stoi w gara\u017cu- w ko\u0144cu, wojny w tej cz\u0119\u015bci Europy ju\u017c dawno nie by\u0142o.<\/p>\n<p>W \u015brodku radiostacja ale chyba nieco wiekowa bo s\u0105dz\u0105c po gabarytach jest pe\u0142na lamp i transformator\u00f3w.<\/p>\n<p>Wej\u015bcie do budynku obwarowane powszechnym dzi\u015b procesem rejestracji w celu \u015bledzenia s\u0142ynnego wirusa. Jeszcze maseczka na twarz, obmycie r\u0105k w spirytusie i jeste\u015bmy w \u015brodku.<\/p>\n<p>Tu &#8211; do wyboru do koloru &#8211; co kto lubi. Jest gie\u0142da, gdzie mo\u017cna zakupi\u0107 sprz\u0119t nowy, stary i strasznie stary (pami\u0119taj\u0105cy wojn\u0119). Jest nawet Enigma &#8211; ale nie do kupienia, a jedynie do podziwiania. Swoje stoisko ma HTC &#8211; <strong>Helvetia Telegraphy Club<\/strong> gdzie mo\u017cna pobawi\u0107 si\u0119 elektronem, bugiem i kluczem sztorcowym. HTC wydaje swego rodzaju dyplom dost\u0119pny dla ka\u017cdego &#8211; wystarczy pobra\u0107 pewien program z internetu, kt\u00f3ry przeprowadzi &#8222;egzamin z telegrafii&#8221;. Wynik wysy\u0142a si\u0119 do HTC i ju\u017c na \u015bcianie wisi nowy dyplom.<\/p>\n<p>Dla ch\u0119tnych by\u0142a mo\u017cliwo\u015b\u0107 zdawania egzaminu na ameryka\u0144sk\u0105 licencje.<\/p>\n<p>Z kolei dla tych co maj\u0105 nieco mniej lat\u00a0 (ze wskazaniem na m\u0142odzie\u017c w wieku 12..18 lat) by\u0142a mo\u017cliwo\u015b\u0107 polutowania sobie jakiego\u015b prostego uk\u0142adu elektronicznego, a potem w ramach rozprostowania n\u00f3g poszukania ukrytego lisa za pomoc\u0105 odbiornika pelengacyjnego. Momentami wygl\u0105da\u0142o to nieco komicznie bo za uzbrojonym w gro\u017an\u0105 anten\u0119 i s\u0142uchawki m\u0142odzieniaszkiem pod\u0105\u017ca\u0142o dw\u00f3ch starszych pan\u00f3w zapewne pilnuj\u0105c aby m\u0142ody si\u0119 nie zgubi\u0142. Ale zabawa by\u0142a przednia i m\u0142odzie\u017c by\u0142a zachwycona.<\/p>\n<p>W ko\u0144cu dla innych ch\u0119tnych uczestnik\u00f3w spotkania by\u0142 zestaw prelekcji i wyk\u0142ad\u00f3w na najr\u00f3\u017cniejsze tematy zwi\u0105zane z kr\u00f3tkofalarstwem.<\/p>\n<p>Oczywi\u015bcie nie mog\u0142o zabrakn\u0105\u0107 baru z wypiekami, kaw\u0105 i a jak\u017ce&#8230; piwem.<\/p>\n<p>Wieczorem organizowana by\u0142a du\u017ca kolacja dla kr\u00f3tkofalowc\u00f3w, w kt\u00f3rej jednak nie wzi\u0119li\u015bmy ju\u017c udzia\u0142u.<\/p>\n<p>&nbsp;<\/p>\n<p><span style=\"color: #0000ff;\"><em><strong>Mateo HB9HCZ<\/strong><\/em><\/span>\u00a0 <strong><span style=\"color: #800080;\">ex SQ9CXT<\/span><\/strong><\/p>\n","protected":false},"excerpt":{"rendered":"<p>Szwajcaria to kraj 26 kanton\u00f3w, ale na tyle ma\u0142y, \u017ce w kr\u00f3tkofalarskiej\u00a0 rodzinie niemal wszyscy si\u0119 znaj\u0105. A skoro si\u0119 znaj\u0105 to mi\u0142o jest si\u0119 spotka\u0107 od czasu do czasu. Tak wi\u0119c raz w roku kto \u017cyw zmierza w jedno wybrane miejsce celem spotkania innych sympatyk\u00f3w naszego hobby. W tym [&hellip;]<\/p>\n","protected":false},"author":2,"featured_media":0,"parent":0,"menu_order":0,"comment_status":"closed","ping_status":"closed","template":"","meta":{"_themeisle_gutenberg_block_has_review":false,"footnotes":""},"class_list":["post-574","page","type-page","status-publish","hentry"],"aioseo_notices":[],"aioseo_head":"\n\t\t<!-- All in One SEO 5.0.1.1 - aioseo.com -->\n\t<meta name=\"description\" content=\"Szwajcaria to kraj 26 kanton\u00f3w, ale na tyle ma\u0142y, \u017ce w kr\u00f3tkofalarskiej rodzinie niemal wszyscy si\u0119 znaj\u0105. A skoro si\u0119 znaj\u0105 to mi\u0142o jest si\u0119 spotka\u0107 od czasu do czasu. Tak wi\u0119c raz w roku kto \u017cyw zmierza w jedno wybrane miejsce celem spotkania innych sympatyk\u00f3w naszego hobby. W tym roku spotkali\u015bmy si\u0119 w Moriken\" \/>\n\t<meta name=\"robots\" content=\"max-image-preview:large\" \/>\n\t<link rel=\"canonical\" href=\"https:\/\/ot31.pzk.org.pl\/index.php\/szwajcarski-zlot-krotkofalowcow\/\" \/>\n\t<meta name=\"generator\" content=\"All in One SEO (AIOSEO) 5.0.1.1\" \/>\n\t\t<meta property=\"og:locale\" content=\"pl_PL\" \/>\n\t\t<meta property=\"og:site_name\" content=\"OT 31 PZK - Rybnicki Oddzia\u0142 Terenowy Polskiego Zwi\u0105zku Kr\u00f3tkofalowc\u00f3w\" \/>\n\t\t<meta property=\"og:type\" content=\"article\" \/>\n\t\t<meta property=\"og:title\" content=\"Szwajcarski zlot kr\u00f3tkofalowc\u00f3w - OT 31 PZK\" \/>\n\t\t<meta property=\"og:description\" content=\"Szwajcaria to kraj 26 kanton\u00f3w, ale na tyle ma\u0142y, \u017ce w kr\u00f3tkofalarskiej rodzinie niemal wszyscy si\u0119 znaj\u0105. A skoro si\u0119 znaj\u0105 to mi\u0142o jest si\u0119 spotka\u0107 od czasu do czasu. Tak wi\u0119c raz w roku kto \u017cyw zmierza w jedno wybrane miejsce celem spotkania innych sympatyk\u00f3w naszego hobby. W tym roku spotkali\u015bmy si\u0119 w Moriken\" \/>\n\t\t<meta property=\"og:url\" content=\"https:\/\/ot31.pzk.org.pl\/index.php\/szwajcarski-zlot-krotkofalowcow\/\" \/>\n\t\t<meta property=\"article:published_time\" content=\"2021-08-26T17:33:11+00:00\" \/>\n\t\t<meta property=\"article:modified_time\" content=\"2021-08-30T17:04:29+00:00\" \/>\n\t\t<meta name=\"twitter:card\" content=\"summary_large_image\" \/>\n\t\t<meta name=\"twitter:title\" content=\"Szwajcarski zlot kr\u00f3tkofalowc\u00f3w - OT 31 PZK\" \/>\n\t\t<meta name=\"twitter:description\" content=\"Szwajcaria to kraj 26 kanton\u00f3w, ale na tyle ma\u0142y, \u017ce w kr\u00f3tkofalarskiej rodzinie niemal wszyscy si\u0119 znaj\u0105. A skoro si\u0119 znaj\u0105 to mi\u0142o jest si\u0119 spotka\u0107 od czasu do czasu. Tak wi\u0119c raz w roku kto \u017cyw zmierza w jedno wybrane miejsce celem spotkania innych sympatyk\u00f3w naszego hobby. W tym roku spotkali\u015bmy si\u0119 w Moriken\" \/>\n\t\t<script type=\"application\/ld+json\" class=\"aioseo-schema\">\n\t\t\t{\"@context\":\"https:\\\/\\\/schema.org\",\"@graph\":[{\"@type\":\"BreadcrumbList\",\"@id\":\"https:\\\/\\\/ot31.pzk.org.pl\\\/index.php\\\/szwajcarski-zlot-krotkofalowcow\\\/#breadcrumblist\",\"itemListElement\":[{\"@type\":\"ListItem\",\"@id\":\"https:\\\/\\\/ot31.pzk.org.pl#listItem\",\"position\":1,\"name\":\"Dom\",\"item\":\"https:\\\/\\\/ot31.pzk.org.pl\",\"nextItem\":{\"@type\":\"ListItem\",\"@id\":\"https:\\\/\\\/ot31.pzk.org.pl\\\/index.php\\\/szwajcarski-zlot-krotkofalowcow\\\/#listItem\",\"name\":\"Szwajcarski zlot kr\\u00f3tkofalowc\\u00f3w\"}},{\"@type\":\"ListItem\",\"@id\":\"https:\\\/\\\/ot31.pzk.org.pl\\\/index.php\\\/szwajcarski-zlot-krotkofalowcow\\\/#listItem\",\"position\":2,\"name\":\"Szwajcarski zlot kr\\u00f3tkofalowc\\u00f3w\",\"previousItem\":{\"@type\":\"ListItem\",\"@id\":\"https:\\\/\\\/ot31.pzk.org.pl#listItem\",\"name\":\"Dom\"}}]},{\"@type\":\"Organization\",\"@id\":\"https:\\\/\\\/ot31.pzk.org.pl\\\/#organization\",\"name\":\"OT 31 PZK\",\"description\":\"Rybnicki Oddzia\\u0142 Terenowy Polskiego Zwi\\u0105zku Kr\\u00f3tkofalowc\\u00f3w\",\"url\":\"https:\\\/\\\/ot31.pzk.org.pl\\\/\"},{\"@type\":\"WebPage\",\"@id\":\"https:\\\/\\\/ot31.pzk.org.pl\\\/index.php\\\/szwajcarski-zlot-krotkofalowcow\\\/#webpage\",\"url\":\"https:\\\/\\\/ot31.pzk.org.pl\\\/index.php\\\/szwajcarski-zlot-krotkofalowcow\\\/\",\"name\":\"Szwajcarski zlot kr\\u00f3tkofalowc\\u00f3w - OT 31 PZK\",\"description\":\"Szwajcaria to kraj 26 kanton\\u00f3w, ale na tyle ma\\u0142y, \\u017ce w kr\\u00f3tkofalarskiej rodzinie niemal wszyscy si\\u0119 znaj\\u0105. A skoro si\\u0119 znaj\\u0105 to mi\\u0142o jest si\\u0119 spotka\\u0107 od czasu do czasu. Tak wi\\u0119c raz w roku kto \\u017cyw zmierza w jedno wybrane miejsce celem spotkania innych sympatyk\\u00f3w naszego hobby. W tym roku spotkali\\u015bmy si\\u0119 w Moriken\",\"inLanguage\":\"pl-PL\",\"isPartOf\":{\"@id\":\"https:\\\/\\\/ot31.pzk.org.pl\\\/#website\"},\"breadcrumb\":{\"@id\":\"https:\\\/\\\/ot31.pzk.org.pl\\\/index.php\\\/szwajcarski-zlot-krotkofalowcow\\\/#breadcrumblist\"},\"datePublished\":\"2021-08-26T19:33:11+02:00\",\"dateModified\":\"2021-08-30T19:04:29+02:00\"},{\"@type\":\"WebSite\",\"@id\":\"https:\\\/\\\/ot31.pzk.org.pl\\\/#website\",\"url\":\"https:\\\/\\\/ot31.pzk.org.pl\\\/\",\"name\":\"OT 31 PZK\",\"description\":\"Rybnicki Oddzia\\u0142 Terenowy Polskiego Zwi\\u0105zku Kr\\u00f3tkofalowc\\u00f3w\",\"inLanguage\":\"pl-PL\",\"publisher\":{\"@id\":\"https:\\\/\\\/ot31.pzk.org.pl\\\/#organization\"}}]}\n\t\t<\/script>\n\t\t<!-- All in One SEO -->\n\n","aioseo_head_json":{"title":"Szwajcarski zlot kr\u00f3tkofalowc\u00f3w - OT 31 PZK","description":"Szwajcaria to kraj 26 kanton\u00f3w, ale na tyle ma\u0142y, \u017ce w kr\u00f3tkofalarskiej rodzinie niemal wszyscy si\u0119 znaj\u0105. A skoro si\u0119 znaj\u0105 to mi\u0142o jest si\u0119 spotka\u0107 od czasu do czasu. Tak wi\u0119c raz w roku kto \u017cyw zmierza w jedno wybrane miejsce celem spotkania innych sympatyk\u00f3w naszego hobby. W tym roku spotkali\u015bmy si\u0119 w Moriken","canonical_url":"https:\/\/ot31.pzk.org.pl\/index.php\/szwajcarski-zlot-krotkofalowcow\/","robots":"max-image-preview:large","keywords":"","webmasterTools":{"miscellaneous":""},"schema":{"@context":"https:\/\/schema.org","@graph":[{"@type":"BreadcrumbList","@id":"https:\/\/ot31.pzk.org.pl\/index.php\/szwajcarski-zlot-krotkofalowcow\/#breadcrumblist","itemListElement":[{"@type":"ListItem","@id":"https:\/\/ot31.pzk.org.pl#listItem","position":1,"name":"Dom","item":"https:\/\/ot31.pzk.org.pl","nextItem":{"@type":"ListItem","@id":"https:\/\/ot31.pzk.org.pl\/index.php\/szwajcarski-zlot-krotkofalowcow\/#listItem","name":"Szwajcarski zlot kr\u00f3tkofalowc\u00f3w"}},{"@type":"ListItem","@id":"https:\/\/ot31.pzk.org.pl\/index.php\/szwajcarski-zlot-krotkofalowcow\/#listItem","position":2,"name":"Szwajcarski zlot kr\u00f3tkofalowc\u00f3w","previousItem":{"@type":"ListItem","@id":"https:\/\/ot31.pzk.org.pl#listItem","name":"Dom"}}]},{"@type":"Organization","@id":"https:\/\/ot31.pzk.org.pl\/#organization","name":"OT 31 PZK","description":"Rybnicki Oddzia\u0142 Terenowy Polskiego Zwi\u0105zku Kr\u00f3tkofalowc\u00f3w","url":"https:\/\/ot31.pzk.org.pl\/"},{"@type":"WebPage","@id":"https:\/\/ot31.pzk.org.pl\/index.php\/szwajcarski-zlot-krotkofalowcow\/#webpage","url":"https:\/\/ot31.pzk.org.pl\/index.php\/szwajcarski-zlot-krotkofalowcow\/","name":"Szwajcarski zlot kr\u00f3tkofalowc\u00f3w - OT 31 PZK","description":"Szwajcaria to kraj 26 kanton\u00f3w, ale na tyle ma\u0142y, \u017ce w kr\u00f3tkofalarskiej rodzinie niemal wszyscy si\u0119 znaj\u0105. A skoro si\u0119 znaj\u0105 to mi\u0142o jest si\u0119 spotka\u0107 od czasu do czasu. Tak wi\u0119c raz w roku kto \u017cyw zmierza w jedno wybrane miejsce celem spotkania innych sympatyk\u00f3w naszego hobby. W tym roku spotkali\u015bmy si\u0119 w Moriken","inLanguage":"pl-PL","isPartOf":{"@id":"https:\/\/ot31.pzk.org.pl\/#website"},"breadcrumb":{"@id":"https:\/\/ot31.pzk.org.pl\/index.php\/szwajcarski-zlot-krotkofalowcow\/#breadcrumblist"},"datePublished":"2021-08-26T19:33:11+02:00","dateModified":"2021-08-30T19:04:29+02:00"},{"@type":"WebSite","@id":"https:\/\/ot31.pzk.org.pl\/#website","url":"https:\/\/ot31.pzk.org.pl\/","name":"OT 31 PZK","description":"Rybnicki Oddzia\u0142 Terenowy Polskiego Zwi\u0105zku Kr\u00f3tkofalowc\u00f3w","inLanguage":"pl-PL","publisher":{"@id":"https:\/\/ot31.pzk.org.pl\/#organization"}}]},"og:locale":"pl_PL","og:site_name":"OT 31 PZK - Rybnicki Oddzia\u0142 Terenowy Polskiego Zwi\u0105zku Kr\u00f3tkofalowc\u00f3w","og:type":"article","og:title":"Szwajcarski zlot kr\u00f3tkofalowc\u00f3w - OT 31 PZK","og:description":"Szwajcaria to kraj 26 kanton\u00f3w, ale na tyle ma\u0142y, \u017ce w kr\u00f3tkofalarskiej rodzinie niemal wszyscy si\u0119 znaj\u0105. A skoro si\u0119 znaj\u0105 to mi\u0142o jest si\u0119 spotka\u0107 od czasu do czasu. Tak wi\u0119c raz w roku kto \u017cyw zmierza w jedno wybrane miejsce celem spotkania innych sympatyk\u00f3w naszego hobby. W tym roku spotkali\u015bmy si\u0119 w Moriken","og:url":"https:\/\/ot31.pzk.org.pl\/index.php\/szwajcarski-zlot-krotkofalowcow\/","article:published_time":"2021-08-26T17:33:11+00:00","article:modified_time":"2021-08-30T17:04:29+00:00","twitter:card":"summary_large_image","twitter:title":"Szwajcarski zlot kr\u00f3tkofalowc\u00f3w - OT 31 PZK","twitter:description":"Szwajcaria to kraj 26 kanton\u00f3w, ale na tyle ma\u0142y, \u017ce w kr\u00f3tkofalarskiej rodzinie niemal wszyscy si\u0119 znaj\u0105. A skoro si\u0119 znaj\u0105 to mi\u0142o jest si\u0119 spotka\u0107 od czasu do czasu. Tak wi\u0119c raz w roku kto \u017cyw zmierza w jedno wybrane miejsce celem spotkania innych sympatyk\u00f3w naszego hobby. W tym roku spotkali\u015bmy si\u0119 w Moriken"},"aioseo_meta_data":{"post_id":"574","title":null,"description":null,"keywords":null,"keyphrases":null,"primary_term":null,"canonical_url":null,"og_title":null,"og_description":null,"og_object_type":"default","og_image_type":"default","og_image_url":null,"og_image_width":null,"og_image_height":null,"og_image_custom_url":null,"og_image_custom_fields":null,"og_video":null,"og_custom_url":null,"og_article_section":null,"og_article_tags":null,"twitter_use_og":false,"twitter_card":"default","twitter_image_type":"default","twitter_image_url":null,"twitter_image_custom_url":null,"twitter_image_custom_fields":null,"twitter_title":null,"twitter_description":null,"schema":{"blockGraphs":[],"customGraphs":[],"default":{"data":{"Article":[],"Course":[],"Dataset":[],"FAQPage":[],"Movie":[],"Person":[],"Product":[],"ProductReview":[],"Car":[],"Recipe":[],"Service":[],"SoftwareApplication":[],"WebPage":[]},"graphName":"WebPage","isEnabled":true},"graphs":[]},"schema_type":"default","schema_type_options":null,"pillar_content":false,"robots_default":true,"robots_noindex":false,"robots_noarchive":false,"robots_nosnippet":false,"robots_nofollow":false,"robots_noimageindex":false,"robots_noodp":false,"robots_notranslate":false,"robots_max_snippet":null,"robots_max_videopreview":null,"robots_max_imagepreview":"large","priority":null,"frequency":null,"local_seo":null,"breadcrumb_settings":null,"limit_modified_date":false,"ai":null,"created":"2021-12-25 07:06:47","updated":"2025-06-04 02:14:11","seo_analyzer_scan_date":null,"focus_keyword":null,"additional_keywords":null,"truseo_locale":null},"aioseo_breadcrumb":"<div class=\"aioseo-breadcrumbs\"><span class=\"aioseo-breadcrumb\">\n\t\t\t<a href=\"https:\/\/ot31.pzk.org.pl\" title=\"Dom\">Dom<\/a>\n\t\t<\/span><span class=\"aioseo-breadcrumb-separator\">&raquo;<\/span><span class=\"aioseo-breadcrumb\">\n\t\t\tSzwajcarski zlot kr\u00f3tkofalowc\u00f3w\n\t\t<\/span><\/div>","aioseo_breadcrumb_json":[{"label":"Dom","link":"https:\/\/ot31.pzk.org.pl"},{"label":"Szwajcarski zlot kr\u00f3tkofalowc\u00f3w","link":"https:\/\/ot31.pzk.org.pl\/index.php\/szwajcarski-zlot-krotkofalowcow\/"}],"_links":{"self":[{"href":"https:\/\/ot31.pzk.org.pl\/index.php\/wp-json\/wp\/v2\/pages\/574","targetHints":{"allow":["GET"]}}],"collection":[{"href":"https:\/\/ot31.pzk.org.pl\/index.php\/wp-json\/wp\/v2\/pages"}],"about":[{"href":"https:\/\/ot31.pzk.org.pl\/index.php\/wp-json\/wp\/v2\/types\/page"}],"author":[{"embeddable":true,"href":"https:\/\/ot31.pzk.org.pl\/index.php\/wp-json\/wp\/v2\/users\/2"}],"replies":[{"embeddable":true,"href":"https:\/\/ot31.pzk.org.pl\/index.php\/wp-json\/wp\/v2\/comments?post=574"}],"version-history":[{"count":9,"href":"https:\/\/ot31.pzk.org.pl\/index.php\/wp-json\/wp\/v2\/pages\/574\/revisions"}],"predecessor-version":[{"id":623,"href":"https:\/\/ot31.pzk.org.pl\/index.php\/wp-json\/wp\/v2\/pages\/574\/revisions\/623"}],"wp:attachment":[{"href":"https:\/\/ot31.pzk.org.pl\/index.php\/wp-json\/wp\/v2\/media?parent=574"}],"curies":[{"name":"wp","href":"https:\/\/api.w.org\/{rel}","templated":true}]}}