{"id":1614,"date":"2024-01-24T21:32:15","date_gmt":"2024-01-24T20:32:15","guid":{"rendered":"https:\/\/ot31.pzk.org.pl\/?page_id=1614"},"modified":"2025-12-01T14:11:32","modified_gmt":"2025-12-01T13:11:32","slug":"pisali-o-nas","status":"publish","type":"page","link":"https:\/\/ot31.pzk.org.pl\/index.php\/pisali-o-nas\/","title":{"rendered":"Pisali o nas&#8230;"},"content":{"rendered":"<h4><span style=\"color: #0000ff;\"><em><strong>W tym miejscu publikujemy przedruki z wydawnictw papierowych i internetowych, w kt\u00f3rych pojawi\u0142y si\u0119 informacje o cz\u0142onkach naszego Oddzia\u0142u. Mo\u017cna tam znale\u017a\u0107 informacje o aktywno\u015bci radiowej z domowego QTH, z kr\u00f3tkofalarskich wypraw DX-owych, z uczestnictwa w zawodach.<\/strong><\/em><\/span><\/h4>\n<ul>\n<li><em><strong>&#8222;\u015awiat Radio&#8221; 1\/2006\u00a0 &#8211;\u00a0 <span style=\"color: #008000;\"> <a href=\"https:\/\/ot31.pzk.org.pl\/index.php\/radiowe-wyprawy-sp9pt\/\">wyprawa Wojciecha SP9PT na Grenad\u0119<\/a><\/span><\/strong><\/em><\/li>\n<li><em><strong>&#8222;\u015awiat Radio&#8221; 6\/2006\u00a0 &#8211;\u00a0 <span style=\"color: #008000;\"> <a href=\"https:\/\/ot31.pzk.org.pl\/index.php\/sp9qmp-rozmowa-z-czolowym-dx-manem-ssb\/\">posta\u0107 Piotra SP9QMP<\/a><\/span><\/strong><\/em><\/li>\n<li><em><strong>&#8222;G\u0142os Gminy&#8221; 2\/2009\u00a0 &#8211;\u00a0 <span style=\"color: #008000;\"> <a href=\"https:\/\/ot31.pzk.org.pl\/index.php\/postac-huberta-sp9mdy\/\">posta\u0107 Huberta SP9MDY<\/a><\/span><\/strong><\/em><\/li>\n<li><em><strong>&#8222;\u015awiat Radio&#8221; 5\/2016\u00a0 &#8211;\u00a0 <span> <a href=\"https:\/\/ot31.pzk.org.pl\/index.php\/wyprawa-na-san-andres-hk0\/\">wyprawa na HK0 z udzia\u0142em Wojciecha SP9PT, Romana SP9FOW, Piotra SP9RCL<\/a><\/span><\/strong><\/em><\/li>\n<li><em><strong>&#8222;Trybuna G\u00f3rnicza&#8221; z 12.06.2016 r.\u00a0 &#8211;\u00a0 <span> <a href=\"https:\/\/ot31.pzk.org.pl\/index.php\/postac-jozefa-sp9fkq\/\">posta\u0107 J\u00f3zefa SP9FKQ\u00a0<\/a><\/span><\/strong><\/em><\/li>\n<li><em><strong>&#8222;\u015awiat Radio&#8221; 1\/2021\u00a0 &#8211;\u00a0 <span style=\"color: #008000;\"> <a href=\"https:\/\/ot31.pzk.org.pl\/index.php\/rozmowa-z-romanem-pustolka-sp9ru\/\">posta\u0107 Romana SP9RU<\/a><\/span><\/strong><\/em><\/li>\n<li><em><strong>&#8222;\u015awiat Radio&#8221; 3\/2021\u00a0 &#8211;\u00a0 <span style=\"color: #008000;\"> <a href=\"https:\/\/ot31.pzk.org.pl\/index.php\/rozmowa-z-adamem-grzenia-sq9s\/\">posta\u0107 Adama SQ9S<\/a><\/span><\/strong><\/em><\/li>\n<li><em><strong>&#8222;\u015awiat Radio&#8221; 1-2\/2024\u00a0 &#8211;\u00a0 <span style=\"color: #008000;\"> <a href=\"https:\/\/ot31.pzk.org.pl\/index.php\/postac-andrzeja-sp9n\/\">posta\u0107 Andrzeja SP9N \/ SP9AQF<\/a><\/span><\/strong><\/em><\/li>\n<li><em><strong>&#8222;\u015awiat Radio&#8221; 5-6\/2024\u00a0 &#8211; <span style=\"color: #008000;\"> <a href=\"https:\/\/ot31.pzk.org.pl\/index.php\/postac-gienka-sq9hzm\/\">posta\u0107 Eugeniusza SQ9HZM<\/a><\/span><\/strong><\/em><\/li>\n<li><em><strong>&#8222;\u015awiat Radio&#8221; 9-10\/2025\u00a0 &#8211;\u00a0 <span style=\"color: #008000;\"> <a href=\"https:\/\/ot31.pzk.org.pl\/index.php\/aktywnosc-wojciecha-sp9pt-z-kanady-w-1974-r\">aktywno\u015b\u0107 Wojciecha SP9PT z Kanady w 1974<\/a><\/span><\/strong><\/em><\/li>\n<li><em><strong>&#8222;\u015awiat Radio&#8221; 11-12\/2025\u00a0 &#8211;\u00a0 <span style=\"color: #008000;\"> <a href=\"https:\/\/ot31.pzk.org.pl\/index.php\/aktywnosc-wojciecha-sp9pt-z-wyspy-norfolk-australii-i-borneo-w-2001-r\">aktywno\u015b\u0107 Wojciecha SP9PT z Norfolku, Australii i Borneo w 2001<\/a><\/span><\/strong><\/em><\/li>\n<\/ul>\n","protected":false},"excerpt":{"rendered":"<p>W tym miejscu publikujemy przedruki z wydawnictw papierowych i internetowych, w kt\u00f3rych pojawi\u0142y si\u0119 informacje o cz\u0142onkach naszego Oddzia\u0142u. Mo\u017cna tam znale\u017a\u0107 informacje o aktywno\u015bci radiowej z domowego QTH, z kr\u00f3tkofalarskich wypraw DX-owych, z uczestnictwa w zawodach. &#8222;\u015awiat Radio&#8221; 1\/2006\u00a0 &#8211;\u00a0 wyprawa Wojciecha SP9PT na Grenad\u0119 &#8222;\u015awiat Radio&#8221; 6\/2006\u00a0 &#8211;\u00a0 [&hellip;]<\/p>\n","protected":false},"author":2,"featured_media":0,"parent":0,"menu_order":0,"comment_status":"closed","ping_status":"closed","template":"","meta":{"_themeisle_gutenberg_block_has_review":false,"footnotes":""},"class_list":["post-1614","page","type-page","status-publish","hentry"],"aioseo_notices":[],"aioseo_head":"\n\t\t<!-- All in One SEO 5.0.1.1 - aioseo.com -->\n\t<meta name=\"description\" content=\"W tym miejscu publikujemy przedruki z wydawnictw papierowych i internetowych, w kt\u00f3rych pojawi\u0142y si\u0119 informacje o cz\u0142onkach naszego Oddzia\u0142u. Mo\u017cna tam znale\u017a\u0107 informacje o aktywno\u015bci radiowej z domowego QTH, z kr\u00f3tkofalarskich wypraw DX-owych, z uczestnictwa w zawodach. &quot;\u015awiat Radio&quot; 1\/2006 - wyprawa Wojciecha SP9PT na Grenad\u0119 &quot;\u015awiat Radio&quot; 6\/2006 - posta\u0107 Piotra SP9QMP &quot;G\u0142os Gminy&quot;\" \/>\n\t<meta name=\"robots\" content=\"max-image-preview:large\" \/>\n\t<link rel=\"canonical\" href=\"https:\/\/ot31.pzk.org.pl\/index.php\/pisali-o-nas\/\" \/>\n\t<meta name=\"generator\" content=\"All in One SEO (AIOSEO) 5.0.1.1\" \/>\n\t\t<meta property=\"og:locale\" content=\"pl_PL\" \/>\n\t\t<meta property=\"og:site_name\" content=\"OT 31 PZK - Rybnicki Oddzia\u0142 Terenowy Polskiego Zwi\u0105zku Kr\u00f3tkofalowc\u00f3w\" \/>\n\t\t<meta property=\"og:type\" content=\"article\" \/>\n\t\t<meta property=\"og:title\" content=\"Pisali o nas\u2026 - OT 31 PZK\" \/>\n\t\t<meta property=\"og:description\" content=\"W tym miejscu publikujemy przedruki z wydawnictw papierowych i internetowych, w kt\u00f3rych pojawi\u0142y si\u0119 informacje o cz\u0142onkach naszego Oddzia\u0142u. Mo\u017cna tam znale\u017a\u0107 informacje o aktywno\u015bci radiowej z domowego QTH, z kr\u00f3tkofalarskich wypraw DX-owych, z uczestnictwa w zawodach. &quot;\u015awiat Radio&quot; 1\/2006 - wyprawa Wojciecha SP9PT na Grenad\u0119 &quot;\u015awiat Radio&quot; 6\/2006 - posta\u0107 Piotra SP9QMP &quot;G\u0142os Gminy&quot;\" \/>\n\t\t<meta property=\"og:url\" content=\"https:\/\/ot31.pzk.org.pl\/index.php\/pisali-o-nas\/\" \/>\n\t\t<meta property=\"article:published_time\" content=\"2024-01-24T20:32:15+00:00\" \/>\n\t\t<meta property=\"article:modified_time\" content=\"2025-12-01T13:11:32+00:00\" \/>\n\t\t<meta name=\"twitter:card\" content=\"summary_large_image\" \/>\n\t\t<meta name=\"twitter:title\" content=\"Pisali o nas\u2026 - OT 31 PZK\" \/>\n\t\t<meta name=\"twitter:description\" content=\"W tym miejscu publikujemy przedruki z wydawnictw papierowych i internetowych, w kt\u00f3rych pojawi\u0142y si\u0119 informacje o cz\u0142onkach naszego Oddzia\u0142u. Mo\u017cna tam znale\u017a\u0107 informacje o aktywno\u015bci radiowej z domowego QTH, z kr\u00f3tkofalarskich wypraw DX-owych, z uczestnictwa w zawodach. &quot;\u015awiat Radio&quot; 1\/2006 - wyprawa Wojciecha SP9PT na Grenad\u0119 &quot;\u015awiat Radio&quot; 6\/2006 - posta\u0107 Piotra SP9QMP &quot;G\u0142os Gminy&quot;\" \/>\n\t\t<script type=\"application\/ld+json\" class=\"aioseo-schema\">\n\t\t\t{\"@context\":\"https:\\\/\\\/schema.org\",\"@graph\":[{\"@type\":\"BreadcrumbList\",\"@id\":\"https:\\\/\\\/ot31.pzk.org.pl\\\/index.php\\\/pisali-o-nas\\\/#breadcrumblist\",\"itemListElement\":[{\"@type\":\"ListItem\",\"@id\":\"https:\\\/\\\/ot31.pzk.org.pl#listItem\",\"position\":1,\"name\":\"Dom\",\"item\":\"https:\\\/\\\/ot31.pzk.org.pl\",\"nextItem\":{\"@type\":\"ListItem\",\"@id\":\"https:\\\/\\\/ot31.pzk.org.pl\\\/index.php\\\/pisali-o-nas\\\/#listItem\",\"name\":\"Pisali o nas&#8230;\"}},{\"@type\":\"ListItem\",\"@id\":\"https:\\\/\\\/ot31.pzk.org.pl\\\/index.php\\\/pisali-o-nas\\\/#listItem\",\"position\":2,\"name\":\"Pisali o nas&#8230;\",\"previousItem\":{\"@type\":\"ListItem\",\"@id\":\"https:\\\/\\\/ot31.pzk.org.pl#listItem\",\"name\":\"Dom\"}}]},{\"@type\":\"Organization\",\"@id\":\"https:\\\/\\\/ot31.pzk.org.pl\\\/#organization\",\"name\":\"OT 31 PZK\",\"description\":\"Rybnicki Oddzia\\u0142 Terenowy Polskiego Zwi\\u0105zku Kr\\u00f3tkofalowc\\u00f3w\",\"url\":\"https:\\\/\\\/ot31.pzk.org.pl\\\/\"},{\"@type\":\"WebPage\",\"@id\":\"https:\\\/\\\/ot31.pzk.org.pl\\\/index.php\\\/pisali-o-nas\\\/#webpage\",\"url\":\"https:\\\/\\\/ot31.pzk.org.pl\\\/index.php\\\/pisali-o-nas\\\/\",\"name\":\"Pisali o nas\\u2026 - OT 31 PZK\",\"description\":\"W tym miejscu publikujemy przedruki z wydawnictw papierowych i internetowych, w kt\\u00f3rych pojawi\\u0142y si\\u0119 informacje o cz\\u0142onkach naszego Oddzia\\u0142u. Mo\\u017cna tam znale\\u017a\\u0107 informacje o aktywno\\u015bci radiowej z domowego QTH, z kr\\u00f3tkofalarskich wypraw DX-owych, z uczestnictwa w zawodach. \\\"\\u015awiat Radio\\\" 1\\\/2006 - wyprawa Wojciecha SP9PT na Grenad\\u0119 \\\"\\u015awiat Radio\\\" 6\\\/2006 - posta\\u0107 Piotra SP9QMP \\\"G\\u0142os Gminy\\\"\",\"inLanguage\":\"pl-PL\",\"isPartOf\":{\"@id\":\"https:\\\/\\\/ot31.pzk.org.pl\\\/#website\"},\"breadcrumb\":{\"@id\":\"https:\\\/\\\/ot31.pzk.org.pl\\\/index.php\\\/pisali-o-nas\\\/#breadcrumblist\"},\"datePublished\":\"2024-01-24T21:32:15+01:00\",\"dateModified\":\"2025-12-01T14:11:32+01:00\"},{\"@type\":\"WebSite\",\"@id\":\"https:\\\/\\\/ot31.pzk.org.pl\\\/#website\",\"url\":\"https:\\\/\\\/ot31.pzk.org.pl\\\/\",\"name\":\"OT 31 PZK\",\"description\":\"Rybnicki Oddzia\\u0142 Terenowy Polskiego Zwi\\u0105zku Kr\\u00f3tkofalowc\\u00f3w\",\"inLanguage\":\"pl-PL\",\"publisher\":{\"@id\":\"https:\\\/\\\/ot31.pzk.org.pl\\\/#organization\"}}]}\n\t\t<\/script>\n\t\t<!-- All in One SEO -->\n\n","aioseo_head_json":{"title":"Pisali o nas\u2026 - OT 31 PZK","description":"W tym miejscu publikujemy przedruki z wydawnictw papierowych i internetowych, w kt\u00f3rych pojawi\u0142y si\u0119 informacje o cz\u0142onkach naszego Oddzia\u0142u. Mo\u017cna tam znale\u017a\u0107 informacje o aktywno\u015bci radiowej z domowego QTH, z kr\u00f3tkofalarskich wypraw DX-owych, z uczestnictwa w zawodach. \"\u015awiat Radio\" 1\/2006 - wyprawa Wojciecha SP9PT na Grenad\u0119 \"\u015awiat Radio\" 6\/2006 - posta\u0107 Piotra SP9QMP \"G\u0142os Gminy\"","canonical_url":"https:\/\/ot31.pzk.org.pl\/index.php\/pisali-o-nas\/","robots":"max-image-preview:large","keywords":"","webmasterTools":{"miscellaneous":""},"schema":{"@context":"https:\/\/schema.org","@graph":[{"@type":"BreadcrumbList","@id":"https:\/\/ot31.pzk.org.pl\/index.php\/pisali-o-nas\/#breadcrumblist","itemListElement":[{"@type":"ListItem","@id":"https:\/\/ot31.pzk.org.pl#listItem","position":1,"name":"Dom","item":"https:\/\/ot31.pzk.org.pl","nextItem":{"@type":"ListItem","@id":"https:\/\/ot31.pzk.org.pl\/index.php\/pisali-o-nas\/#listItem","name":"Pisali o nas&#8230;"}},{"@type":"ListItem","@id":"https:\/\/ot31.pzk.org.pl\/index.php\/pisali-o-nas\/#listItem","position":2,"name":"Pisali o nas&#8230;","previousItem":{"@type":"ListItem","@id":"https:\/\/ot31.pzk.org.pl#listItem","name":"Dom"}}]},{"@type":"Organization","@id":"https:\/\/ot31.pzk.org.pl\/#organization","name":"OT 31 PZK","description":"Rybnicki Oddzia\u0142 Terenowy Polskiego Zwi\u0105zku Kr\u00f3tkofalowc\u00f3w","url":"https:\/\/ot31.pzk.org.pl\/"},{"@type":"WebPage","@id":"https:\/\/ot31.pzk.org.pl\/index.php\/pisali-o-nas\/#webpage","url":"https:\/\/ot31.pzk.org.pl\/index.php\/pisali-o-nas\/","name":"Pisali o nas\u2026 - OT 31 PZK","description":"W tym miejscu publikujemy przedruki z wydawnictw papierowych i internetowych, w kt\u00f3rych pojawi\u0142y si\u0119 informacje o cz\u0142onkach naszego Oddzia\u0142u. Mo\u017cna tam znale\u017a\u0107 informacje o aktywno\u015bci radiowej z domowego QTH, z kr\u00f3tkofalarskich wypraw DX-owych, z uczestnictwa w zawodach. \"\u015awiat Radio\" 1\/2006 - wyprawa Wojciecha SP9PT na Grenad\u0119 \"\u015awiat Radio\" 6\/2006 - posta\u0107 Piotra SP9QMP \"G\u0142os Gminy\"","inLanguage":"pl-PL","isPartOf":{"@id":"https:\/\/ot31.pzk.org.pl\/#website"},"breadcrumb":{"@id":"https:\/\/ot31.pzk.org.pl\/index.php\/pisali-o-nas\/#breadcrumblist"},"datePublished":"2024-01-24T21:32:15+01:00","dateModified":"2025-12-01T14:11:32+01:00"},{"@type":"WebSite","@id":"https:\/\/ot31.pzk.org.pl\/#website","url":"https:\/\/ot31.pzk.org.pl\/","name":"OT 31 PZK","description":"Rybnicki Oddzia\u0142 Terenowy Polskiego Zwi\u0105zku Kr\u00f3tkofalowc\u00f3w","inLanguage":"pl-PL","publisher":{"@id":"https:\/\/ot31.pzk.org.pl\/#organization"}}]},"og:locale":"pl_PL","og:site_name":"OT 31 PZK - Rybnicki Oddzia\u0142 Terenowy Polskiego Zwi\u0105zku Kr\u00f3tkofalowc\u00f3w","og:type":"article","og:title":"Pisali o nas\u2026 - OT 31 PZK","og:description":"W tym miejscu publikujemy przedruki z wydawnictw papierowych i internetowych, w kt\u00f3rych pojawi\u0142y si\u0119 informacje o cz\u0142onkach naszego Oddzia\u0142u. Mo\u017cna tam znale\u017a\u0107 informacje o aktywno\u015bci radiowej z domowego QTH, z kr\u00f3tkofalarskich wypraw DX-owych, z uczestnictwa w zawodach. &quot;\u015awiat Radio&quot; 1\/2006 - wyprawa Wojciecha SP9PT na Grenad\u0119 &quot;\u015awiat Radio&quot; 6\/2006 - posta\u0107 Piotra SP9QMP &quot;G\u0142os Gminy&quot;","og:url":"https:\/\/ot31.pzk.org.pl\/index.php\/pisali-o-nas\/","article:published_time":"2024-01-24T20:32:15+00:00","article:modified_time":"2025-12-01T13:11:32+00:00","twitter:card":"summary_large_image","twitter:title":"Pisali o nas\u2026 - OT 31 PZK","twitter:description":"W tym miejscu publikujemy przedruki z wydawnictw papierowych i internetowych, w kt\u00f3rych pojawi\u0142y si\u0119 informacje o cz\u0142onkach naszego Oddzia\u0142u. Mo\u017cna tam znale\u017a\u0107 informacje o aktywno\u015bci radiowej z domowego QTH, z kr\u00f3tkofalarskich wypraw DX-owych, z uczestnictwa w zawodach. &quot;\u015awiat Radio&quot; 1\/2006 - wyprawa Wojciecha SP9PT na Grenad\u0119 &quot;\u015awiat Radio&quot; 6\/2006 - posta\u0107 Piotra SP9QMP &quot;G\u0142os Gminy&quot;"},"aioseo_meta_data":{"post_id":"1614","title":null,"description":null,"keywords":null,"keyphrases":{"focus":{"keyphrase":"","score":0,"analysis":{"keyphraseInTitle":{"score":0,"maxScore":9,"error":1}}},"additional":[]},"primary_term":null,"canonical_url":null,"og_title":null,"og_description":null,"og_object_type":"default","og_image_type":"default","og_image_url":null,"og_image_width":null,"og_image_height":null,"og_image_custom_url":null,"og_image_custom_fields":null,"og_video":"","og_custom_url":null,"og_article_section":null,"og_article_tags":null,"twitter_use_og":false,"twitter_card":"default","twitter_image_type":"default","twitter_image_url":null,"twitter_image_custom_url":null,"twitter_image_custom_fields":null,"twitter_title":null,"twitter_description":null,"schema":{"blockGraphs":[],"customGraphs":[],"default":{"data":{"Article":[],"Course":[],"Dataset":[],"FAQPage":[],"Movie":[],"Person":[],"Product":[],"ProductReview":[],"Car":[],"Recipe":[],"Service":[],"SoftwareApplication":[],"WebPage":[]},"graphName":"WebPage","isEnabled":true},"graphs":[]},"schema_type":"default","schema_type_options":null,"pillar_content":false,"robots_default":true,"robots_noindex":false,"robots_noarchive":false,"robots_nosnippet":false,"robots_nofollow":false,"robots_noimageindex":false,"robots_noodp":false,"robots_notranslate":false,"robots_max_snippet":"-1","robots_max_videopreview":"-1","robots_max_imagepreview":"large","priority":null,"frequency":"default","local_seo":null,"breadcrumb_settings":null,"limit_modified_date":false,"ai":{"faqs":[],"keyPoints":[],"titles":[],"descriptions":[],"socialPosts":{"email":[],"linkedin":[],"twitter":[],"facebook":[],"instagram":[]}},"created":"2024-04-15 22:34:15","updated":"2025-12-01 13:20:06","seo_analyzer_scan_date":null,"focus_keyword":null,"additional_keywords":null,"truseo_locale":null},"aioseo_breadcrumb":"<div class=\"aioseo-breadcrumbs\"><span class=\"aioseo-breadcrumb\">\n\t\t\t<a href=\"https:\/\/ot31.pzk.org.pl\" title=\"Dom\">Dom<\/a>\n\t\t<\/span><span class=\"aioseo-breadcrumb-separator\">&raquo;<\/span><span class=\"aioseo-breadcrumb\">\n\t\t\tPisali o nas\u2026\n\t\t<\/span><\/div>","aioseo_breadcrumb_json":[{"label":"Dom","link":"https:\/\/ot31.pzk.org.pl"},{"label":"Pisali o nas&#8230;","link":"https:\/\/ot31.pzk.org.pl\/index.php\/pisali-o-nas\/"}],"_links":{"self":[{"href":"https:\/\/ot31.pzk.org.pl\/index.php\/wp-json\/wp\/v2\/pages\/1614","targetHints":{"allow":["GET"]}}],"collection":[{"href":"https:\/\/ot31.pzk.org.pl\/index.php\/wp-json\/wp\/v2\/pages"}],"about":[{"href":"https:\/\/ot31.pzk.org.pl\/index.php\/wp-json\/wp\/v2\/types\/page"}],"author":[{"embeddable":true,"href":"https:\/\/ot31.pzk.org.pl\/index.php\/wp-json\/wp\/v2\/users\/2"}],"replies":[{"embeddable":true,"href":"https:\/\/ot31.pzk.org.pl\/index.php\/wp-json\/wp\/v2\/comments?post=1614"}],"version-history":[{"count":34,"href":"https:\/\/ot31.pzk.org.pl\/index.php\/wp-json\/wp\/v2\/pages\/1614\/revisions"}],"predecessor-version":[{"id":2202,"href":"https:\/\/ot31.pzk.org.pl\/index.php\/wp-json\/wp\/v2\/pages\/1614\/revisions\/2202"}],"wp:attachment":[{"href":"https:\/\/ot31.pzk.org.pl\/index.php\/wp-json\/wp\/v2\/media?parent=1614"}],"curies":[{"name":"wp","href":"https:\/\/api.w.org\/{rel}","templated":true}]}}